{"id":1515,"date":"2023-09-20T10:31:55","date_gmt":"2023-09-20T10:31:55","guid":{"rendered":"https:\/\/mama-kann-das.com\/?page_id=1515"},"modified":"2023-09-20T10:31:56","modified_gmt":"2023-09-20T10:31:56","slug":"impressum-datenschutz","status":"publish","type":"page","link":"https:\/\/mama-kann-das.com\/index.php\/impressum-datenschutz\/","title":{"rendered":"Impressum &#038; Datenschutz"},"content":{"rendered":"<p><b>Information according to \u00a7 5 DDG <\/b><\/p><p>Mama kann das<br \/>Corina Zimmermann<br\/>Riedweg 5<br\/>6410 Goldau<br\/><\/p><p><b>Vertreten durch:<\/b> Corina Zimmermann<br\/><\/p><p><b>Kontakt:<\/b><br\/>Telefon: 0764832434<br\/>E-Mail: <span style=\"display: none !important;\">2SzmTMAjftG6tBG<\/span>corina<span style=\"display: none !important;\">PJAUapdXvdPT7sQ<\/span>@<span style=\"display: none !important;\">HMimZ5eGOrHQiER<\/span>mama-kann-das.com<span style=\"display: none !important;\">AkHPhMEWWUHZu1G<\/span><br\/><\/p><p><b>Verantwortlich f\u00fcr den Inhalt nach \u00a7 55 Abs. 2 RStV:<\/b><br \/>Corina Zimmermann<br\/>Riedweg 5<br\/>6410 Goldau<br\/>Schweiz<br\/><\/p><p><b>Haftungsausschluss<\/b><br \/><\/p><p><b>Haftung f\u00fcr Links:<\/b><br\/>Unser Angebot enth\u00e4lt Links zu externen Webseiten Dritter, auf deren Inhalte wir keinen Einfluss haben. Deshalb k\u00f6nnen wir f\u00fcr diese fremden Inhalte auch keine Gew\u00e4hr \u00fcbernehmen. F\u00fcr die Inhalte der verlinkten Seiten ist stets der jeweilige Anbieter oder Betreiber der Seiten verantwortlich. Die verlinkten Seiten wurden zum Zeitpunkt der Verlinkung auf m\u00f6gliche Rechtsverst\u00f6\u00dfe \u00fcberpr\u00fcft. Rechtswidrige Inhalte waren zum Zeitpunkt der Verlinkung nicht erkennbar. Eine permanente inhaltliche Kontrolle der verlinkten Seiten ist jedoch ohne konkrete Anhaltspunkte einer Rechtsverletzung nicht zumutbar. Bei Bekanntwerden von Rechtsverletzungen werden wir derartige Links umgehend entfernen.<\/p><p><b>Haftung f\u00fcr Inhalt:<\/b><br\/>The contents of our pages were created with the greatest care. However, we cannot assume any liability for the correctness, completeness and topicality of the contents. As a service provider, we are responsible for our own content on these pages in accordance with \u00a7 5 DDG and general laws. According to \u00a7 5 DDG we are not obliged to monitor transmitted or stored information from third parties or to investigate circumstances that indicate illegal activity. Obligations to remove or block the use of information according to general laws remain unaffected. However, liability in this respect is only possible from the time of knowledge of a concrete infringement. If we become aware of any such violations, we will remove the content in question immediately.<\/p><p><b>Urheberrecht<\/b><br \/>Die durch die Seitenbetreiber erstellten Inhalte und Werke auf diesen Seiten unterliegen dem deutschen Urheberrecht. Die Vervielf\u00e4ltigung, Bearbeitung, Verbreitung und jede Art der Verwertung au\u00dferhalb der Grenzen des Urheberrechtes bed\u00fcrfen der schriftlichen Zustimmung des jeweiligen Autors bzw. Erstellers. Downloads und Kopien dieser Seite sind nur f\u00fcr den privaten, nicht kommerziellen Gebrauch gestattet. Soweit die Inhalte auf dieser Seite nicht vom Betreiber erstellt wurden, werden die Urheberrechte Dritter beachtet. Insbesondere werden Inhalte Dritter als solche gekennzeichnet. Sollten Sie trotzdem auf eine Urheberrechtsverletzung aufmerksam werden, bitten wir um einen entsprechenden Hinweis. Bei Bekanntwerden von Rechtsverletzungen werden wir derartige Inhalte umgehend entfernen.<\/p>\n\n\n\n<h1 id=\"top\">Datenschutzerkl\u00e4rung<\/h1>\n\n<p>Mit dieser <strong>Datenschutzerkl\u00e4rung<\/strong> informieren wir, welche Personendaten wir im Zusammenhang mit unseren <strong>Aktivit\u00e4ten und T\u00e4tigkeiten<\/strong> einschliesslich unserer <strong><nobr>www.mama-kann-das.com<\/nobr>-Website<\/strong> bearbeiten. Wir informieren insbesondere, wof\u00fcr, wie und wo wir welche Personendaten bearbeiten. Wir informieren ausserdem \u00fcber die Rechte von Personen, deren Daten wir bearbeiten.<\/p>\n\n<p>F\u00fcr einzelne oder zus\u00e4tzliche Aktivit\u00e4ten und T\u00e4tigkeiten k\u00f6nnen weitere Datenschutzerkl\u00e4rungen sowie sonstige rechtliche Dokumente wie Allgemeine Gesch\u00e4ftsbedingungen (AGB), Nutzungsbedingungen oder Teilnahmebedingungen gelten.<\/p>\n\n<p>Wir unterliegen dem schweizerischen Datenschutzrecht sowie allenfalls anwendbarem ausl\u00e4ndischem Datenschutzrecht wie insbesondere jenem der Europ\u00e4ischen Union (EU) mit der Datenschutz-Grundverordnung (DSGVO). Die Europ\u00e4ische Kommission <a href=\"https:\/\/eur-lex.europa.eu\/legal-content\/DE\/TXT\/?uri=CELEX%3A32000D0518\" rel=\"nofollow noopener noreferrer\" target=\"_blank\">anerkennt<\/a>, dass das schweizerische Datenschutzrecht einen angemessenen Datenschutz gew\u00e4hrleistet.<\/p>\n\n<h2 id=\"kontaktadressen\">1. Kontaktadressen<\/h2>\n\n<p>Verantwortung f\u00fcr die Bearbeitung von Personendaten:<\/p>\n\n<p><strong id=\"verantwortlicher\">Corina Zimmermann<\/strong><br \/>\nRiedweg 5<br \/>\n6410 Goldau<\/p>\n\n<p><a href=\"mailto:corina@mama-kann-das.com\">corina@mama-kann-das.com<\/a><\/p>\n\n<p>Wir weisen darauf hin, wenn es im Einzelfall andere Verantwortliche f\u00fcr die Bearbeitung von Personendaten gibt.<\/p>\n\n<h3 id=\"datenschutzbeauftragte\">Datenschutzbeauftragte bzw. Datenschutzberater<\/h3>\n\n<p>Wir verf\u00fcgen \u00fcber die nachfolgende Datenschutzbeauftragte bzw. den nachfolgenden Datenschutzberater als Anlaufstelle f\u00fcr betroffene Personen und Beh\u00f6rden bei Anfragen im Zusammenhang mit dem Datenschutz:<\/p>\n\n<p><strong>Corina Zimmermann<\/strong><br \/>\nRiedweg 5<br \/>\n6410 Goldau<\/p>\n\n<p><a href=\"mailto:corina@mama-kann-das.com\">corina@mama-kann-das.com<\/a><\/p>\n\n<h2 id=\"begriffe-rechtsgrundlagen\">2. Begriffe und Rechtsgrundlagen<\/h2>\n\n<h3 id=\"begriffe\">2.1 Begriffe<\/h3>\n\n<p><strong>Personendaten<\/strong> sind <em>alle<\/em> Angaben, die sich auf eine bestimmte oder bestimmbare nat\u00fcrliche Person beziehen. Eine <strong>betroffene Person<\/strong> ist eine Person, \u00fcber die wir Personendaten bearbeiten.<\/p>\n\n<p><strong>Bearbeiten<\/strong> umfasst <em>jeden<\/em> Umgang mit Personendaten, <em>unabh\u00e4ngig<\/em> von den angewandten Mitteln und Verfahren, beispielsweise das Abfragen, Abgleichen, Anpassen, Archivieren, Aufbewahren, Auslesen, Bekanntgeben, Beschaffen, Erfassen, Erheben, L\u00f6schen, Offenlegen, Ordnen, Organisieren, Speichern, Ver\u00e4ndern, Verbreiten, Verkn\u00fcpfen, Vernichten und Verwenden von Personendaten.<\/p>\n\n<p>Der <strong>Europ\u00e4ische Wirtschaftsraum&nbsp;(EWR)<\/strong> umfasst die <a href=\"https:\/\/de.wikipedia.org\/wiki\/Mitgliedstaaten_der_Europ%C3%A4ischen_Union\" rel=\"nofollow noopener\" target=\"_blank\">Mitgliedstaaten der Europ\u00e4ischen Union<\/a>&nbsp;(EU) sowie das F\u00fcrstentum Liechtenstein, Island und Norwegen. Die Datenschutz-Grundverordnung&nbsp;(DSGVO) bezeichnet die Bearbeitung von Personendaten als Verarbeitung von personenbezogenen Daten.<\/p>\n\n<h3 id=\"rechtsgrundlagen\">2.2 Rechtsgrundlagen<\/h3>\n\n<p>Wir bearbeiten Personendaten im Einklang mit dem schweizerischen Datenschutzrecht wie insbesondere dem <a href=\"https:\/\/www.fedlex.admin.ch\/eli\/oc\/2022\/491\/de\" rel=\"nofollow noopener noreferrer\" target=\"_blank\" id=\"119289\">Bundesgesetz \u00fcber den Datenschutz<\/a> (Datenschutzgesetz, DSG) und der <a href=\"https:\/\/www.fedlex.admin.ch\/eli\/oc\/2022\/568\/de\" rel=\"nofollow noopener\" target=\"_blank\">Verordnung \u00fcber den Datenschutz<\/a> (Datenschutzverordnung, DSV).<\/p>\n\n<p><span id=\"rechtsgrundlagen-dsgvo\">Wir bearbeiten \u2013 sofern und soweit die Datenschutz-Grundverordnung (DSGVO) anwendbar ist \u2013 Personendaten gem\u00e4ss <em>mindestens<\/em> einer der folgenden Rechtsgrundlagen:<\/span><\/p>\n\n<ul>\n<li><a href=\"https:\/\/steigerlegal.ch\/dsgvo\/dsgvo-6\/\" rel=\"nofollow noopener noreferrer\" target=\"_blank\">Art. 6 Abs. 1 lit. b DSGVO<\/a> f\u00fcr die erforderliche Bearbeitung von Personendaten zur Erf\u00fcllung eines Vertrages mit der betroffenen Person sowie zur Durchf\u00fchrung vorvertraglicher Massnahmen.<\/li>\n<li>Art. 6 Abs. 1 lit. f DSGVO f\u00fcr die erforderliche Bearbeitung von Personendaten, um die berechtigten Interessen von uns oder von Dritten zu wahren, sofern nicht die Grundfreiheiten und Grundrechte sowie Interessen der betroffenen Person \u00fcberwiegen. Berechtigte Interessen sind insbesondere unser Interesse, unsere Aktivit\u00e4ten und T\u00e4tigkeiten dauerhaft, nutzerfreundlich, sicher und zuverl\u00e4ssig aus\u00fcben sowie dar\u00fcber kommunizieren zu k\u00f6nnen, die Gew\u00e4hrleistung der Informationssicherheit, der Schutz vor Missbrauch, die Durchsetzung von eigenen rechtlichen Anspr\u00fcchen und die Einhaltung von schweizerischem Recht.<\/li>\n<li>Art. 6 Abs. 1 lit. c DSGVO f\u00fcr die erforderliche Bearbeitung von Personendaten zur Erf\u00fcllung einer rechtlichen Verpflichtung, der wir gem\u00e4ss allenfalls anwendbarem Recht von Mitgliedstaaten im Europ\u00e4ischen Wirtschaftsraum (EWR) unterliegen.<\/li>\n<li>Art. 6 Abs. 1 lit. e DSGVO f\u00fcr die erforderliche Bearbeitung von Personendaten zur Wahrnehmung einer Aufgabe, die im \u00f6ffentlichen Interesse liegt.<\/li>\n<li>Art. 6 Abs. 1 lit. a DSGVO f\u00fcr die Bearbeitung von Personendaten mit Einwilligung der betroffenen Person.<\/li>\n<li>Art. 6 Abs. 1 lit. d DSGVO f\u00fcr die erforderliche Bearbeitung von Personendaten, um lebenswichtige Interessen der betroffenen Person oder einer anderen nat\u00fcrlichen Person zu sch\u00fctzen.<\/li>\n<\/ul>\n\n<h2 id=\"art-umfang-zweck\">3. Art, Umfang und Zweck<\/h2>\n\n<p>Wir bearbeiten jene Personendaten, die <em>erforderlich<\/em> sind, um unsere Aktivit\u00e4ten und T\u00e4tigkeiten dauerhaft, nutzerfreundlich, sicher und zuverl\u00e4ssig aus\u00fcben zu k\u00f6nnen. Solche Personendaten k\u00f6nnen insbesondere in die Kategorien von Bestandes- und Kontaktdaten, Browser- und Ger\u00e4tedaten, Inhaltsdaten, Meta- bzw. Randdaten und Nutzungsdaten, Standortdaten, Verkaufsdaten sowie Vertrags- und Zahlungsdaten fallen.<\/p>\n\n<p>Wir bearbeiten Personendaten w\u00e4hrend jener <em>Dauer<\/em>, die f\u00fcr den jeweiligen Zweck bzw. die jeweiligen Zwecke oder gesetzlich erforderlich ist. Personendaten, deren Bearbeitung nicht mehr erforderlich ist, werden anonymisiert oder gel\u00f6scht.<\/p>\n\n<p>Wir k\u00f6nnen Personendaten <em>durch Dritte<\/em> bearbeiten lassen. Wir k\u00f6nnen Personendaten gemeinsam mit Dritten bearbeiten oder an Dritte \u00fcbermitteln. Bei solchen Dritten handelt es sich insbesondere um spezialisierte Anbieter, deren Leistungen wir in Anspruch nehmen. Wir gew\u00e4hrleisten auch bei solchen Dritten den Datenschutz.<\/p>\n\n<p>Wir bearbeiten Personendaten <em>grunds\u00e4tzlich<\/em> nur mit Einwilligung der betroffenen Personen. Sofern und soweit die Bearbeitung aus anderen rechtlichen Gr\u00fcnden zul\u00e4ssig ist, k\u00f6nnen wir darauf verzichten, eine Einwilligung einzuholen. Wir k\u00f6nnen Personendaten beispielsweise ohne Einwilligung bearbeiten, um einen Vertrag zu erf\u00fcllen, um rechtlichen Verpflichtungen nachzukommen oder um \u00fcberwiegende Interessen zu wahren.<\/p>\n\n<p>In diesem Rahmen bearbeiten wir insbesondere Angaben, die eine betroffene Person bei der Kontaktaufnahme&nbsp;\u2013 beispielsweise per Briefpost, E-Mail, Instant Messaging, Kontaktformular, Social Media oder Telefon&nbsp;\u2013 oder bei der Registrierung f\u00fcr ein Nutzerkonto <em>freiwillig<\/em> an uns \u00fcbermittelt. Wir k\u00f6nnen solche Angaben beispielsweise in einem Adressbuch, in einem Customer-Relationship-Management-System (CRM-System) oder mit vergleichbaren Hilfsmitteln speichern. Wenn wir Daten \u00fcber andere Personen \u00fcbermittelt erhalten, sind die \u00fcbermittelnden Personen verpflichtet, den Datenschutz gegen\u00fcber diesen Personen zu gew\u00e4hrleisten sowie die Richtigkeit dieser Personendaten sicherzustellen.<\/p>\n\n<p>Wir bearbeiten ausserdem Personendaten, die wir von Dritten erhalten, aus \u00f6ffentlich zug\u00e4nglichen Quellen beschaffen oder bei der Aus\u00fcbung unserer Aktivit\u00e4ten und T\u00e4tigkeiten erheben, sofern und soweit eine solche Bearbeitung aus rechtlichen Gr\u00fcnden zul\u00e4ssig ist.<\/p>\n\n<h2 id=\"ausland\">4. Personendaten im Ausland<\/h2>\n\n<p>Wir bearbeiten Personendaten <em>grunds\u00e4tzlich<\/em> in der Schweiz und im Europ\u00e4ischen Wirtschafts\u00adraum&nbsp;(EWR). Wir k\u00f6nnen Personendaten aber auch in andere Staaten exportieren bzw. \u00fcbermitteln, insbesondere um sie dort zu bearbeiten oder bearbeiten zu lassen.<\/p>\n\n<p>Wir k\u00f6nnen Personendaten in alle <a href=\"https:\/\/de.wikipedia.org\/wiki\/Liste_der_Staaten_der_Erde#Tabelle\" rel=\"nofollow noopener noreferrer\" target=\"_blank\">Staaten und Territorien auf der Erde<\/a> sowie anderswo im <a href=\"https:\/\/www.datenschutzpartner.ch\/2022\/04\/23\/datenschutzerklaerung-daten-export-universum-mond\/\" rel=\"nofollow noopener noreferrer\" target=\"_blank\">Universum<\/a> exportieren, sofern das dortige Recht gem\u00e4ss <a href=\"https:\/\/steigerlegal.ch\/2022\/09\/10\/ndsg-schweiz-staatenliste\/\" rel=\"nofollow noopener noreferrer\" target=\"_blank\">Beschluss des Schweizerischen Bundesrates<\/a> einen angemessenen Datenschutz sowie&nbsp;\u2013 sofern und soweit die Datenschutz-Grundverordnung&nbsp;(DSGVO) anwendbar ist&nbsp;\u2013 gem\u00e4ss <a href=\"https:\/\/commission.europa.eu\/law\/law-topic\/data-protection\/international-dimension-data-protection\/adequacy-decisions_de\" rel=\"nofollow noopener noreferrer\" target=\"_blank\">Beschluss der Europ\u00e4ischen Kommission<\/a> einen angemessenen Datenschutz gew\u00e4hrleistet.<\/p>\n\n<p>Wir k\u00f6nnen Personendaten in Staaten, deren Recht keinen angemessenen Datenschutz gew\u00e4hrleistet, \u00fcbermitteln, sofern der Datenschutz aus anderen Gr\u00fcnden gew\u00e4hrleistet ist, insbesondere auf Grundlage von Standard\u00addatenschutzklauseln oder mit anderen geeigneten Garantien. Ausnahmsweise k\u00f6nnen wir Personendaten in Staaten ohne angemessenen oder geeigneten Datenschutz exportieren, wenn daf\u00fcr die besonderen datenschutzrechtlichen Voraussetzungen erf\u00fcllt sind, beispielsweise die ausdr\u00fcckliche Einwilligung der betroffenen Personen oder ein unmittelbarer Zusammenhang mit dem Abschluss oder der Abwicklung eines Vertrages. Wir geben betroffenen Personen auf Nachfrage gerne Auskunft \u00fcber allf\u00e4llige Garantien oder liefern eine Kopie allf\u00e4lliger Garantien.<\/p>\n\n<h2 id=\"rechte\">5. Rechte von betroffenen Personen<\/h2>\n\n<h3 id=\"ansprueche\">5.1 Datenschutzrechtliche Anspr\u00fcche<\/h3>\n\n<p>Wir gew\u00e4hren betroffenen Personen s\u00e4mtliche Anspr\u00fcche gem\u00e4ss dem anwendbaren Datenschutzrecht. Betroffene Personen verf\u00fcgen insbesondere \u00fcber folgende Rechte:<\/p>\n\n<ul>\n<li><strong>Auskunft:<\/strong> Betroffene Personen k\u00f6nnen Auskunft verlangen, ob wir Personendaten \u00fcber sie bearbeiten, und falls ja, um welche Personendaten es sich handelt. Betroffene Personen erhalten ferner jene Informationen, die erforderlich sind, um ihre datenschutzrechtlichen Anspr\u00fcche geltend zu machen und Transparenz zu gew\u00e4hrleisten. Dazu z\u00e4hlen die bearbeiteten Personendaten als solche, aber unter anderem auch Angaben zum Bearbeitungszweck, zur Dauer der Aufbewahrung, zu einer allf\u00e4lligen Bekanntgabe bzw. einem allf\u00e4lligen Export von Daten in andere Staaten und zur Herkunft der Personendaten.<\/li>\n<li><strong>Berichtigung und Einschr\u00e4nkung:<\/strong> Betroffene Personen k\u00f6nnen unrichtige Personendaten berichtigen, unvollst\u00e4ndige Daten vervollst\u00e4ndigen und die Bearbeitung ihrer Daten einschr\u00e4nken lassen.<\/li>\n<li><strong>L\u00f6schung und Widerspruch:<\/strong> Betroffene Personen k\u00f6nnen Personendaten l\u00f6schen lassen (\u00abRecht auf Vergessen\u00bb) und der Bearbeitung ihrer Daten mit Wirkung f\u00fcr die Zukunft widersprechen.<\/li>\n<li><strong>Datenherausgabe und Daten\u00fcbertragung:<\/strong> Betroffene Personen k\u00f6nnen die Herausgabe von Personendaten oder die \u00dcbertragung ihrer Daten an einen anderen Verantwortlichen verlangen.<\/li>\n<\/ul>\n\n<p>Wir k\u00f6nnen die Aus\u00fcbung der Rechte von betroffenen Personen im rechtlich zul\u00e4ssigen Rahmen aufschieben, einschr\u00e4nken oder verweigern. Wir k\u00f6nnen betroffene Personen auf allenfalls zu erf\u00fcllende Voraussetzungen f\u00fcr die Aus\u00fcbung ihrer datenschutzrechtlichen Anspr\u00fcche hinweisen. Wir k\u00f6nnen beispielsweise die Auskunft mit Verweis auf Gesch\u00e4ftsgeheimnisse oder den Schutz anderer Personen ganz oder teilweise verweigern. Wir k\u00f6nnen beispielsweise auch die L\u00f6schung von Personendaten mit Verweis auf gesetzliche Aufbewahrungspflichten ganz oder teilweise verweigern.<\/p>\n\n<p>Wir k\u00f6nnen f\u00fcr die Aus\u00fcbung der Rechte <em>ausnahmsweise<\/em> Kosten vorsehen. Wir informieren betroffene Personen vorg\u00e4ngig \u00fcber allf\u00e4llige Kosten.<\/p>\n\n<p>Wir sind verpflichtet, betroffene Personen, die Auskunft verlangen oder andere Rechte geltend machen, mit angemessenen Massnahmen zu identifizieren. Betroffene Personen sind zur Mitwirkung verpflichtet.<\/p>\n\n<h3 id=\"beschwerderecht\">5.2 Recht auf Beschwerde<\/h3>\n\n<p>Betroffene Personen haben das Recht, ihre datenschutzrechtlichen Anspr\u00fcche auf dem Rechtsweg durchzusetzen oder Beschwerde bei einer zust\u00e4ndigen Datenschutz-Aufsichtsbeh\u00f6rde zu erheben.<\/p>\n\n<p>Datenschutz-Aufsichtsbeh\u00f6rde f\u00fcr private Verantwortliche und Bundesorgane in der Schweiz ist der <a href=\"https:\/\/www.edoeb.admin.ch\/\" rel=\"nofollow noopener noreferrer\" target=\"_blank\">Eidgen\u00f6ssische Datenschutz- und \u00d6ffentlichkeitsbeauftragte<\/a>&nbsp;(ED\u00d6B).<\/p>\n\n<p>Betroffene Personen haben&nbsp;\u2013 sofern und soweit die Datenschutz-Grundverordnung&nbsp;(DSGVO) anwendbar ist&nbsp;\u2013 das Recht, Beschwerde bei einer zust\u00e4ndigen <a href=\"https:\/\/edpb.europa.eu\/about-edpb\/about-edpb\/members_de\" rel=\"nofollow noopener noreferrer\" target=\"_blank\">europ\u00e4ischen Datenschutz-Aufsichtsbeh\u00f6rde<\/a> zu erheben.<\/p>\n\n<h2 id=\"sicherheit\">6. Datensicherheit<\/h2>\n\n<p>Wir treffen geeignete technische und organisatorische Massnahmen, um eine dem jeweiligen Risiko angemessene Datensicherheit zu gew\u00e4hrleisten. Wir k\u00f6nnen aber keine absolute Datensicherheit gew\u00e4hrleisten.<\/p>\n\n<p>Der Zugriff auf unsere Website erfolgt mittels Transportverschl\u00fcsselung (SSL&nbsp;\/ TLS, insbesondere mit dem Hypertext Transfer Protocol Secure, abgek\u00fcrzt HTTPS). Die meisten Browser kennzeichnen Transportverschl\u00fcsselung mit einem Vorh\u00e4ngeschloss in der Adressleiste.<\/p>\n\n<p>Unsere digitale Kommunikation unterliegt&nbsp;\u2013 wie <em>grunds\u00e4tzlich<\/em> jede digitale Kommunikation&nbsp;\u2013 der Massen\u00fcberwachung ohne Anlass und Verdacht sowie sonstiger \u00dcberwachung durch Sicherheitsbeh\u00f6rden in der Schweiz, im \u00fcbrigen Europa, in den Vereinigten Staaten von Amerika (USA) und in anderen Staaten. Wir k\u00f6nnen keinen direkten Einfluss auf die entsprechende Bearbeitung von Personendaten durch Geheimdienste, Polizeistellen und andere Sicherheitsbeh\u00f6rden nehmen.<\/p>\n\n<h2 id=\"website\">7. Nutzung der Website<\/h2>\n\n<h3 id=\"cookies\">7.1 Cookies<\/h3>\n\n<p>Wir k\u00f6nnen Cookies verwenden. Bei Cookies&nbsp;\u2013 eigenen Cookies (First-Party-Cookies) als auch Cookies von Dritten, deren Dienste wir nutzen (Third-Party-Cookies)&nbsp;\u2013 handelt es sich um Daten, die im Browser gespeichert werden. Solche gespeicherten Daten m\u00fcssen nicht auf traditionelle Cookies in Textform beschr\u00e4nkt sein.<\/p>\n\n<p>Cookies k\u00f6nnen im Browser tempor\u00e4r als \u00abSession Cookies\u00bb oder f\u00fcr einen bestimmten Zeitraum als sogenannte permanente Cookies gespeichert werden. \u00abSession Cookies\u00bb werden automatisch gel\u00f6scht, wenn der Browser geschlossen wird. Permanente Cookies haben eine bestimmte Speicherdauer. Cookies erm\u00f6glichen insbesondere, einen Browser beim n\u00e4chsten Besuch unserer Website wiederzuerkennen und dadurch beispielsweise die Reichweite unserer Website zu messen. Permanente Cookies k\u00f6nnen aber beispielsweise auch f\u00fcr Online-Marketing verwendet werden.<\/p>\n\n<p>Cookies k\u00f6nnen in den Browser-Einstellungen jederzeit ganz oder teilweise deaktiviert sowie gel\u00f6scht werden. Ohne Cookies steht unsere Website allenfalls nicht mehr in vollem Umfang zur Verf\u00fcgung. Wir ersuchen&nbsp;\u2013 mindestens sofern und soweit erforderlich&nbsp;\u2013 aktiv um die ausdr\u00fcckliche Einwilligung in die Verwendung von Cookies.<\/p>\n\n<p>Bei Cookies, die f\u00fcr die Erfolgs- und Reichweitenmessung oder f\u00fcr Werbung verwendet werden, ist f\u00fcr zahlreiche Dienste ein allgemeiner Widerspruch (\u00abOpt-out\u00bb) \u00fcber die <a href=\"https:\/\/youradchoices.ca\/\" rel=\"nofollow noopener noreferrer\" target=\"_blank\">AdChoices<\/a> (Digital Advertising Alliance of Canada), die <a href=\"https:\/\/optout.networkadvertising.org\/\" rel=\"nofollow noopener noreferrer\" target=\"_blank\">Network Advertising Initiative<\/a> (NAI), <a href=\"https:\/\/optout.aboutads.info\/\" rel=\"nofollow noopener noreferrer\" target=\"_blank\">YourAdChoices<\/a> (Digital Advertising Alliance) oder <a href=\"https:\/\/www.youronlinechoices.com\/ch-de\/praferenzmanagement\" rel=\"nofollow noopener noreferrer\" target=\"_blank\">Your Online Choices<\/a> (European Interactive Digital Advertising Alliance, EDAA) m\u00f6glich.<\/p>\n\n<h3 id=\"logdateien\">7.2 Server-Logdateien<\/h3>\n\n<p>Wir k\u00f6nnen f\u00fcr jeden Zugriff auf unsere Website nachfolgende Angaben erfassen, sofern diese von Ihrem Browser an unsere Server-Infrastruktur \u00fcbermittelt werden oder von unserem Webserver ermittelt werden k\u00f6nnen: Datum und Zeit einschliesslich Zeitzone, <a href=\"https:\/\/de.wikipedia.org\/wiki\/IP-Adresse\" rel=\"nofollow noopener noreferrer\" target=\"_blank\">IP-Adresse<\/a>, Zugriffsstatus (HTTP-Statuscode), Betriebssystem einschliesslich Benutzeroberfl\u00e4che und Version, Browser einschliesslich Sprache und Version, aufgerufene einzelne Unter-Seite unserer Website einschliesslich \u00fcbertragener Datenmenge, zuletzt im gleichen Browser-Fenster aufgerufene Webseite (Referer bzw. Referrer).<\/p>\n\n<p>Wir speichern solche Angaben, die auch Personendaten darstellen k\u00f6nnen, in Server-Logdateien. Die Angaben sind erforderlich, um unsere Website dauerhaft, nutzerfreundlich und zuverl\u00e4ssig bereitstellen sowie um die Datensicherheit und damit insbesondere den Schutz von Personendaten sicherstellen zu k\u00f6nnen \u2013 auch durch Dritte oder mit Hilfe von Dritten.<\/p>\n\n<h3 id=\"zaehlpixel\">7.3 Z\u00e4hlpixel<\/h3>\n\n<p>Wir k\u00f6nnen Z\u00e4hlpixel auf unserer Website verwenden. Z\u00e4hlpixel werden auch als Web-Beacons bezeichnet. Bei Z\u00e4hlpixeln&nbsp;\u2013 auch von Dritten, deren Dienste wir nutzen&nbsp;\u2013 handelt es sich um kleine, \u00fcblicherweise nicht sichtbare Bilder, die beim Besuch unserer Website automatisch abgerufen werden. Mit Z\u00e4hlpixeln k\u00f6nnen die gleichen Angaben wie in Server-Logdateien erfasst werden.<\/p>\n\n<h3 id=\"kommentare\">7.4 Kommentare<\/h3>\n\n<p>Wir erm\u00f6glichen Ihnen, Kommentare auf unserer Website zu ver\u00f6ffentlichen. In diesem Rahmen bearbeiten wir insbesondere jene Angaben, die eine kommentierende Person selbst an uns \u00fcbermittelt, aber auch die verwendete <a href=\"https:\/\/de.wikipedia.org\/wiki\/IP-Adresse\" rel=\"nofollow noopener noreferrer\" target=\"_blank\">IP-Adresse<\/a> sowie Datum und Zeit. Diese Angaben werden ben\u00f6tigt, um die Ver\u00f6ffentlichung von Kommentaren zu erm\u00f6glichen sowie um den Schutz vor Missbrauch sicherstellen zu k\u00f6nnen, was in unserem \u00fcberwiegenden berechtigten Interesse liegt.<\/p>\n\n<p>Wir erm\u00f6glichen Ihnen, <strong>E-Mail-Benachrichtigungen \u00fcber neue Kommentare<\/strong> von anderen Personen per E-Mail zu abonnieren. In diesem Rahmen ben\u00f6tigen wir insbesondere Ihre E-Mail-Adresse, damit wir Sie per E-Mail benachrichtigen bzw. benachrichtigen lassen k\u00f6nnen. Sie k\u00f6nnen sich jederzeit von solchen Kommentar-Benachrichtigungen abmelden.<\/p>\n\n<p>Um Ihnen zu erm\u00f6glichen, Kommentare zu ver\u00f6ffentlichen, verwenden wir insbesondere:<\/p>\n\n<ul>\n<li><strong><a href=\"https:\/\/de.gravatar.com\/\" rel=\"nofollow noopener noreferrer\" target=\"_blank\">Gravatar (Globally Recognized Avatar):<\/a><\/strong> Dienst f\u00fcr einheitlichen <a href=\"https:\/\/de.wikipedia.org\/wiki\/Avatar_(Internet)\" rel=\"nofollow noopener noreferrer\" target=\"_blank\">Avatar<\/a> auf verschiedenen Websites; Anbieterinnen: Automattic Inc. (USA) \/ Aut O\u2019Mattic A8C Ireland Ltd. (Irland) f\u00fcr Nutzerinnen und Nutzer unter anderem in Europa; Angaben zum Datenschutz: Automatische E-Mail-Adressen-basierte Avatar- bzw. Gravatar-Anzeige, <a href=\"https:\/\/automattic.com\/de\/privacy\/\" rel=\"nofollow noopener noreferrer\" target=\"_blank\">Datenschutzerkl\u00e4rung<\/a>, <a href=\"https:\/\/automattic.com\/cookies\/\" rel=\"nofollow noopener noreferrer\" target=\"_blank\">Cookie-Richtlinie<\/a>.\n\n<\/li>\n<\/ul>\n\n<h2 id=\"mitteilungen\">8. Benachrichtigungen und Mitteilungen<\/h2>\n\n<p>Wir versenden Benachrichtigungen und Mitteilungen per E-Mail und \u00fcber andere Kommunikationskan\u00e4le wie beispielsweise Instant Messaging oder SMS.<\/p>\n\n<h3 id=\"mitteilungen-statistik\">8.1 Erfolgs- und Reichweitenmessung<\/h3>\n\n<p>Benachrichtigungen und Mitteilungen k\u00f6nnen Weblinks oder Z\u00e4hlpixel enthalten, die erfassen, ob eine einzelne Mitteilung ge\u00f6ffnet wurde und welche Weblinks dabei angeklickt wurden. Solche Weblinks und Z\u00e4hlpixel k\u00f6nnen die Nutzung von Benachrichtigungen und Mitteilungen auch personenbezogen erfassen. Wir ben\u00f6tigen diese statistische Erfassung der Nutzung f\u00fcr die Erfolgs- und Reichweitenmessung, um Benachrichtigungen und Mitteilungen aufgrund der Bed\u00fcrfnisse und Lesegewohnheiten der Empf\u00e4ngerinnen und Empf\u00e4nger effektiv und nutzerfreundlich sowie dauerhaft, sicher und zuverl\u00e4ssig versenden zu k\u00f6nnen.<\/p>\n\n<h3 id=\"mitteilungen-einwilligung\">8.2 Einwilligung und Widerspruch<\/h3>\n\n<p>Sie m\u00fcssen <em>grunds\u00e4tzlich<\/em> in die Verwendung Ihrer E-Mail-Adresse und Ihrer sonstigen Kontaktadressen ausdr\u00fccklich einwilligen, es sei denn, die Verwendung ist aus anderen rechtlichen Gr\u00fcnden zul\u00e4ssig. F\u00fcr eine allf\u00e4llige Einwilligung verwenden wir nach M\u00f6glichkeit das \u00abDouble Opt-in\u00bb-Verfahren, das heisst, Sie erhalten eine E-Mail mit einem Weblink, den Sie zur Best\u00e4tigung anklicken m\u00fcssen, damit kein Missbrauch durch unberechtigte Dritte erfolgen kann. Wir k\u00f6nnen solche Einwilligungen einschliesslich <a href=\"https:\/\/de.wikipedia.org\/wiki\/IP-Adresse\" rel=\"nofollow noopener noreferrer\" target=\"_blank\">IP-Adresse<\/a> sowie Datum und Zeit aus Beweis- und Sicherheitsgr\u00fcnden protokollieren.<\/p>\n\n<p>Sie k\u00f6nnen <em>grunds\u00e4tzlich<\/em> dem Erhalt von Benachrichtigungen und Mitteilungen wie beispielsweise Newslettern jederzeit widersprechen. Mit einem solchen Widerspruch k\u00f6nnen Sie gleichzeitig der statistischen Erfassung der Nutzung f\u00fcr die Erfolgs- und Reichweitenmessung widersprechen. Vorbehalten bleiben erforderliche Benachrichtigungen und Mitteilungen im Zusammenhang mit unseren Aktivit\u00e4ten und T\u00e4tigkeiten.<\/p>\n\n<h3 id=\"mitteilungen-dienstleister\">8.3 Dienstleister f\u00fcr Benachrichtigungen und Mitteilungen<\/h3>\n\n<p>Wir versenden Benachrichtigungen und Mitteilungen mit Hilfe von spezialisierten Dienstleistern.<\/p>\n\n<p>Wir nutzen insbesondere:<\/p>\n\n<ul>\n<li><strong><a href=\"https:\/\/www.mailpoet.com\/\" rel=\"nofollow noopener noreferrer\" target=\"_blank\">MailPoet:<\/a><\/strong> E-Mail-Marketing-Software (\u00abBetter E-Mail for WordPress-Powered Websites\u00bb); Anbieterinnen: WooCommerce Ireland Ltd. (Irland) f\u00fcr Nutzerinnen und Nutzer in Australien, allen europ\u00e4ischen L\u00e4ndern, Japan, Kanada, Mexiko, Neuseeland und Russland, teilweise gemeinsam mit Automattic Inc. (USA) und WooCommerce Inc. (USA) \/ WooCommerce Inc. (USA) f\u00fcr Nutzerinnen und Nutzer in sonstigen Staaten und Territorien auf der Erde sowie anderswo im Universum, teilweise gemeinsam mit Automattic Inc. (USA); Angaben zum Datenschutz: <a href=\"https:\/\/automattic.com\/privacy\/\" rel=\"nofollow noopener noreferrer\" target=\"_blank\">Datenschutzerkl\u00e4rung<\/a>.\n\n<\/li>\n<\/ul>\n\n<h2 id=\"social-media\">9. Social Media<\/h2>\n\n<p>Wir sind auf Social Media-Plattformen und anderen Online-Plattformen pr\u00e4sent, um mit interessierten Personen kommunizieren sowie \u00fcber unsere Aktivit\u00e4ten und T\u00e4tigkeiten informieren zu k\u00f6nnen. Im Zusammenhang mit solchen Plattformen k\u00f6nnen Personendaten auch ausserhalb der Schweiz und des Europ\u00e4ischen Wirtschaftsraumes (EWR) bearbeitet werden.<\/p>\n\n<p>Es gelten jeweils auch die Allgemeinen Gesch\u00e4ftsbedingungen (AGB) und Nutzungsbedingungen sowie Datenschutzerkl\u00e4rungen und sonstigen Bestimmungen der einzelnen Betreiber solcher Plattformen. Diese Bestimmungen informieren insbesondere \u00fcber die Rechte von betroffenen Personen direkt gegen\u00fcber der jeweiligen Plattform, wozu beispielsweise das Recht auf Auskunft z\u00e4hlt.<\/p>\n\n<p>F\u00fcr unsere <strong>Social Media-Pr\u00e4senz bei Facebook<\/strong> unter Einschluss der sogenannten Seiten-Insights sind wir&nbsp;\u2013 sofern und soweit die Datenschutz-Grundverordnung (DSGVO) anwendbar ist&nbsp;\u2013 gemeinsam mit der Meta Platforms Ireland Limited (Irland) verantwortlich. Die Meta Platforms Ireland Limited ist Teil der <a href=\"https:\/\/www.facebook.com\/help\/111814505650678\" rel=\"nofollow noopener noreferrer\" target=\"_blank\">Meta-Unternehmen<\/a> (unter anderem in den USA). Die Seiten-Insights geben Aufschluss dar\u00fcber, wie Besucherinnen und Besucher mit unserer Facebook-Pr\u00e4senz interagieren. Wir verwenden Seiten-Insights, um unsere Social Media-Pr\u00e4senz bei Facebook effektiv und nutzerfreundlich bereitstellen zu k\u00f6nnen.<\/p>\n\n<p>Weitere Angaben \u00fcber Art, Umfang und Zweck der Datenbearbeitung, Angaben zu den Rechten von betroffenen Personen sowie die Kontaktdaten von Facebook wie auch dem Datenschutzbeauftragten von Facebook finden sich in der <a href=\"https:\/\/www.facebook.com\/about\/privacy\" rel=\"nofollow noopener noreferrer\" target=\"_blank\">Datenschutzerkl\u00e4rung von Facebook<\/a>. Wir haben mit Facebook den sogenannten <a href=\"https:\/\/www.facebook.com\/legal\/controller_addendum\" rel=\"nofollow noopener noreferrer\" target=\"_blank\">\u00abZusatz f\u00fcr Verantwortliche\u00bb<\/a> abgeschlossen und damit insbesondere vereinbart, dass Facebook daf\u00fcr verantwortlich ist, die Rechte betroffener Personen zu gew\u00e4hrleisten. F\u00fcr die sogenannten Seiten-Insights finden sich die entsprechenden Angaben auf der Seite <a href=\"https:\/\/www.facebook.com\/legal\/terms\/page_controller_addendum\" rel=\"nofollow noopener noreferrer\" target=\"_blank\">\u00abInformationen zu Seiten-Insights\u00bb<\/a> einschliesslich <a href=\"https:\/\/www.facebook.com\/legal\/terms\/information_about_page_insights_data\" rel=\"nofollow noopener noreferrer\" target=\"_blank\">\u00abInformationen zu Seiten-Insights-Daten\u00bb<\/a>.<\/p>\n\n<h2 id=\"dienste\">10. Dienste von Dritten<\/h2>\n\n<p>Wir nutzen Dienste von spezialisierten Dritten, um unsere Aktivit\u00e4ten und T\u00e4tigkeiten dauerhaft, nutzerfreundlich, sicher und zuverl\u00e4ssig aus\u00fcben zu k\u00f6nnen. Mit solchen Diensten k\u00f6nnen wir unter anderem Funktionen und Inhalte in unsere Website einbetten. Bei einer solchen Einbettung erfassen die genutzten Dienste aus technisch zwingenden Gr\u00fcnden mindestens zeitweilig die <a href=\"https:\/\/de.wikipedia.org\/wiki\/IP-Adresse\" rel=\"nofollow noopener noreferrer\" target=\"_blank\">IP-Adressen<\/a> der Nutzerinnen und Nutzer.<\/p>\n\n<p>F\u00fcr erforderliche sicherheitsrelevante, statistische und technische Zwecke k\u00f6nnen Dritte, deren Dienste wir nutzen, Daten im Zusammenhang mit unseren Aktivit\u00e4ten und T\u00e4tigkeiten aggregiert, anonymisiert oder pseudonymisiert bearbeiten. Es handelt sich beispielsweise um Leistungs- oder Nutzungsdaten, um den jeweiligen Dienst anbieten zu k\u00f6nnen.<\/p>\n\n<p>Wir nutzen insbesondere:<\/p>\n\n<ul>\n<li><strong><a href=\"https:\/\/about.google\/products\/\" rel=\"nofollow noopener noreferrer\" target=\"_blank\">Dienste von Google:<\/a><\/strong> Anbieterinnen: Google&nbsp;LLC (USA) \/ Google Ireland Limited (Irland) f\u00fcr Nutzerinnen und Nutzer im Europ\u00e4ischen Wirtschaftsraum (EWR) und in der Schweiz; Allgemeine Angaben zum Datenschutz: <a href=\"https:\/\/safety.google\/intl\/de\/principles\/\" rel=\"nofollow noopener noreferrer\" target=\"_blank\">\u00abGrunds\u00e4tze zu Datenschutz und Sicherheit\u00bb<\/a>, <a href=\"https:\/\/policies.google.com\/privacy?hl=de\" rel=\"nofollow noopener noreferrer\" target=\"_blank\">Datenschutzerkl\u00e4rung<\/a>, <a href=\"https:\/\/privacy.google.com\/intl\/de\/businesses\/compliance\/\" rel=\"nofollow noopener noreferrer\" target=\"_blank\">\u00abGoogle ist der Einhaltung der anwendbaren Datenschutzgesetze verpflichtet\u00bb<\/a>, <a href=\"https:\/\/policies.google.com\/technologies\/product-privacy?hl=de\" rel=\"nofollow noopener noreferrer\" target=\"_blank\">\u00abLeitfaden zum Datenschutz in Google-Produkten\u00bb<\/a>, <a href=\"https:\/\/policies.google.com\/technologies\/partner-sites?hl=de\" rel=\"nofollow noopener noreferrer\" target=\"_blank\">\u00abWie wir Daten von Websites oder Apps verwenden, auf bzw. in denen unsere Dienste genutzt werden\u00bb (Angaben von Google)<\/a>, <a href=\"https:\/\/policies.google.com\/technologies\/cookies?hl=de\" rel=\"nofollow noopener noreferrer\" target=\"_blank\">\u00abVon Google verwendete Cookie-Arten und sonstige Technologien\u00bb<\/a>, <a href=\"https:\/\/adssettings.google.com\/\" rel=\"nofollow noopener noreferrer\" target=\"_blank\">\u00abPersonalisierte Werbung\u00bb (Aktivierung \/ Deaktivierung \/ Einstellungen)<\/a>.\n\n<\/li>\n<li><strong><a href=\"https:\/\/www.microsoft.com\/de-ch\" rel=\"nofollow noopener noreferrer\" target=\"_blank\">Dienste von Microsoft:<\/a><\/strong> Anbieterinnen: Microsoft Corporation (USA)&nbsp;\/ Microsoft Ireland Operations Limited (Irland) f\u00fcr Nutzerinnen und Nutzer im Europ\u00e4ischen Wirtschaftsraum&nbsp;(EWR), in Grossbritannien und in der Schweiz; Allgemeine Angaben zum Datenschutz: <a href=\"https:\/\/privacy.microsoft.com\/de-de\" rel=\"nofollow noopener noreferrer\" target=\"_blank\">\u00abDatenschutz bei Microsoft\u00bb<\/a>, <a href=\"https:\/\/www.microsoft.com\/de-ch\/trust-center\/privacy\" rel=\"nofollow noopener noreferrer\" target=\"_blank\">\u00abDatenschutz und Privatsph\u00e4re (Trust Center)\u00bb<\/a>, <a href=\"https:\/\/privacy.microsoft.com\/de-de\/privacystatement\" rel=\"nofollow noopener noreferrer\" target=\"_blank\">Datenschutzerkl\u00e4rung<\/a>, <a href=\"https:\/\/account.microsoft.com\/account\/privacy?lang=de-DE\" rel=\"nofollow noopener noreferrer\" target=\"_blank\">Datenschutz-Dashboard (Daten- und Datenschutz-Einstellungen)<\/a>.\n\n<\/li>\n<\/ul>\n\n<h3 id=\"infrastruktur\">10.1 Digitale Infrastruktur<\/h3>\n\n<p>Wir nutzen Dienste von spezialisierten Dritten, um ben\u00f6tigte digitale Infrastruktur im Zusammenhang mit unseren Aktivit\u00e4ten und T\u00e4tigkeiten in Anspruch nehmen zu k\u00f6nnen. Dazu z\u00e4hlen beispielsweise Hosting- und Speicherdienste von ausgew\u00e4hlten Anbietern.<\/p>\n\n<h3 id=\"terminplanung\">10.2 Terminplanung<\/h3>\n\n<p>Wir nutzen Dienste von spezialisierten Dritten, um Termine online vereinbaren zu k\u00f6nnen, beispielsweise f\u00fcr Besprechungen. Es gelten erg\u00e4nzend zu dieser Datenschutzerkl\u00e4rung jeweils auch allenfalls direkt ersichtliche Bedingungen der genutzten Dienste wie beispielsweise Nutzungsbedingungen oder Datenschutzerkl\u00e4rungen.<\/p>\n\n<p>Wir nutzen insbesondere:<\/p>\n\n<ul>\n<li><strong><a href=\"https:\/\/workspace.google.com\/intl\/de_ch\/products\/calendar\/\" rel=\"nofollow noopener noreferrer\" target=\"_blank\">Google Kalender:<\/a><\/strong> Online-Terminplanung; Anbieterin: Google; Google Kalender-spezifische Angaben: <a href=\"https:\/\/workspace.google.com\/intl\/de_ch\/resources\/appointment-scheduling\/\" rel=\"nofollow noopener noreferrer\" target=\"_blank\">\u00abTerminplanung mit Google Kalender\u00bb<\/a>, <a href=\"https:\/\/support.google.com\/calendar\/answer\/10366125?hl=de\" rel=\"nofollow noopener noreferrer\" target=\"_blank\">\u00abDatenschutz in Google Kalender\u00bb<\/a>.\n\n<\/li>\n<\/ul>\n\n<h3 id=\"videokonferenz\">10.3 Audio- und Video-Konferenzen<\/h3>\n\n<p>Wir nutzen spezialisierte Dienste f\u00fcr Audio- und Video-Konferenzen, um online kommunizieren zu k\u00f6nnen. Wir k\u00f6nnen damit beispielsweise virtuelle Besprechungen abhalten oder Online-Unterricht und Webinare durchf\u00fchren. F\u00fcr die Teilnahme an Audio- und Video-Konferenzen gelten erg\u00e4nzend die Rechtstexte der einzelnen Dienste wie Datenschutzerkl\u00e4rungen und Nutzungsbedingungen.<\/p>\n\n<p>Wir empfehlen, je nach Lebenssituation bei der Teilnahme an Audio- oder Video-Konferenzen das Mikrofon standardm\u00e4ssig stumm zu schalten sowie den Hintergrund unscharf zu stellen oder einen virtuellen Hintergrund einblenden zu lassen.<\/p>\n\n<p>Wir nutzen insbesondere:<\/p>\n\n<ul>\n<li><strong><a href=\"https:\/\/zoom.us\/\" rel=\"nofollow noopener noreferrer\" target=\"_blank\">Zoom:<\/a><\/strong> Video-Konferenzen; Anbieterin: Zoom Video Communications Inc. (USA); Angaben zum Datenschutz: <a href=\"https:\/\/zoom.us\/de-de\/privacy.html\" rel=\"nofollow noopener noreferrer\" target=\"_blank\">Datenschutzerkl\u00e4rung<\/a>, <a href=\"https:\/\/zoom.us\/de-de\/trust\/privacy.html\" rel=\"nofollow noopener noreferrer\" target=\"_blank\">\u00abDatenschutz bei Zoom\u00bb<\/a>, <a href=\"https:\/\/zoom.us\/de-de\/trust\/legal-compliance.html\" rel=\"nofollow noopener noreferrer\" target=\"_blank\">\u00abRechtskonformit\u00e4ts-Center\u00bb<\/a>.\n\n<\/li>\n<\/ul>\n\n<h3 id=\"social-media-funktionen\">10.4 Social Media-Funktionen und Social Media-Inhalte<\/h3>\n\n<p>Wir nutzen Dienste und Plugins von Dritten, um Funktionen und Inhalte von Social Media-Plattformen einbetten zu k\u00f6nnen sowie um das Teilen von Inhalten auf Social Media-Plattformen und auf anderen Wegen zu erm\u00f6glichen.<\/p>\n\n<p>Wir nutzen insbesondere:<\/p>\n\n<ul>\n<li><strong><a href=\"https:\/\/developers.facebook.com\/products\/social-plugins\/\" rel=\"nofollow noopener noreferrer\" target=\"_blank\">Facebook (Soziale Plugins):<\/a><\/strong> Einbetten von Facebook-Funktionen und Facebook-Inhalten, zum Beispiel \u00abGef\u00e4llt mir\u00bb (\u00abLike\u00bb) oder \u00abTeilen\u00bb (\u00abShare\u00bb); Anbieterinnen: Meta Platforms Ireland Limited (Irland) und <a href=\"https:\/\/www.facebook.com\/help\/111814505650678\" rel=\"nofollow noopener noreferrer\" target=\"_blank\">weitere Meta-Unternehmen<\/a> (unter anderem in den USA); Angaben zum Datenschutz: <a href=\"https:\/\/www.facebook.com\/policy.php\" rel=\"nofollow noopener noreferrer\" target=\"_blank\">Datenschutzerkl\u00e4rung<\/a>.\n\n<\/li>\n<li><strong><a href=\"https:\/\/developers.facebook.com\/docs\/instagram\" rel=\"nofollow noopener noreferrer\" target=\"_blank\">Instagram-Plattform:<\/a><\/strong> Einbetten von Instagram-Inhalten; Anbieterinnen: Meta Platforms Ireland Limited (Irland) und <a href=\"https:\/\/www.facebook.com\/help\/111814505650678\" rel=\"nofollow noopener noreferrer\" target=\"_blank\">weitere Meta-Unternehmen<\/a> (unter anderem in den USA); Angaben zum Datenschutz: <a href=\"https:\/\/help.instagram.com\/519522125107875\" rel=\"nofollow noopener noreferrer\" target=\"_blank\">Datenschutzerkl\u00e4rung (Instagram)<\/a>, <a href=\"https:\/\/www.facebook.com\/policy.php\" rel=\"nofollow noopener noreferrer\" target=\"_blank\">Datenschutzerkl\u00e4rung (Facebook)<\/a>.\n\n<\/li>\n<li><strong><a href=\"https:\/\/docs.microsoft.com\/linkedin\/consumer\/\" rel=\"nofollow noopener noreferrer\" target=\"_blank\">LinkedIn Consumer Solutions Platform:<\/a><\/strong> Einbetten von Funktionen und Inhalten von LinkedIn, zum Beispiel mit <a href=\"https:\/\/developer.linkedin.com\/product-catalog\/plugins\" rel=\"nofollow noopener noreferrer\" target=\"_blank\">Plugins<\/a> wie dem <a href=\"https:\/\/docs.microsoft.com\/linkedin\/consumer\/integrations\/self-serve\/plugins\/share-plugin\" rel=\"nofollow noopener noreferrer\" target=\"_blank\">\u00abShare Plugin\u00bb<\/a>; Anbieterin: Microsoft; LinkedIn-spezifische Angaben: <a href=\"https:\/\/privacy.linkedin.com\" rel=\"nofollow noopener noreferrer\" target=\"_blank\">\u00abDatenschutz\u00bb (\u00abPrivacy\u00bb)<\/a>, <a href=\"https:\/\/www.linkedin.com\/legal\/privacy-policy\" rel=\"nofollow noopener noreferrer\" target=\"_blank\">Datenschutzerkl\u00e4rung<\/a>, <a href=\"https:\/\/www.linkedin.com\/legal\/cookie-policy\" rel=\"nofollow noopener noreferrer\" target=\"_blank\">Cookie-Richtlinie<\/a>, <a href=\"https:\/\/www.linkedin.com\/psettings\/guest-controls\" rel=\"nofollow noopener noreferrer\" target=\"_blank\">Cookie-Verwaltung&nbsp;\/ Widerspruch gegen E-Mail und SMS-Kommunikation von LinkedIn<\/a>, <a href=\"https:\/\/www.linkedin.com\/psettings\/guest-controls\/retargeting-opt-out\" rel=\"nofollow noopener noreferrer\" target=\"_blank\">Widerspruch gegen interessenbezogene Werbung<\/a>.\n\n<\/li>\n<li><strong><a href=\"https:\/\/developers.pinterest.com\" rel=\"nofollow noopener noreferrer\" target=\"_blank\">Pinterest (Social Plugins):<\/a><\/strong> Einbetten von Funktionen und Inhalten bzw. Pins von Pinterest (Beispiel: <a href=\"https:\/\/developers.pinterest.com\/docs\/add-ons\/pin-widget\/\" rel=\"nofollow noopener noreferrer\" target=\"_blank\">\u00abPin Widget\u00bb<\/a>); Anbieterinnen: Pinterest Inc. (USA) \/ Pinterest Europe Ltd. (Irland) f\u00fcr Nutzerinnen und Nutzer im Europ\u00e4ischen Wirtschaftsraum (EWR); Angaben zum Datenschutz: <a href=\"https:\/\/help.pinterest.com\/de\/topics\/privacy-safety-and-legal\" rel=\"nofollow noopener noreferrer\" target=\"_blank\">\u00abDatenschutz, Sicherheit und Rechtliches\u00bb<\/a>, <a href=\"https:\/\/policy.pinterest.com\/de\/privacy-policy\" rel=\"nofollow noopener noreferrer\" target=\"_blank\">Datenschutzerkl\u00e4rung<\/a>, <a href=\"https:\/\/help.pinterest.com\/de\/article\/personalization-and-data\" rel=\"nofollow noopener noreferrer\" target=\"_blank\">\u00abPersonalisierung und Daten\u00bb<\/a>, <a href=\"https:\/\/policy.pinterest.com\/de\/cookies\" rel=\"nofollow noopener noreferrer\" target=\"_blank\">Cookie-Richtlinie<\/a>.\n\n<\/li>\n<\/ul>\n\n<h3 id=\"dokumente\">10.5 Dokumente<\/h3>\n\n<p>Wir nutzen Dienste von Dritten, um Dokumente in unsere Website einbinden zu k\u00f6nnen. Solche Dokumente k\u00f6nnen beispielsweise Formulare, PDF-Dateien, Pr\u00e4sentationen, Tabellen und Textdokumente umfassen. Wir k\u00f6nnen damit nicht nur das Betrachten, sondern auch das Bearbeiten oder Kommentieren solcher Dokumente erm\u00f6glichen.<\/p>\n\n<p>Wir nutzen insbesondere:<\/p>\n\n<ul>\n<li><strong><a href=\"https:\/\/www.canva.com\/docs\/\" rel=\"nofollow noopener noreferrer\" target=\"_blank\">Canva Docs:<\/a><\/strong> Digitale Dokumente; Anbieterin: Canva&nbsp;Pty Ltd (Australien); Angaben zum Datenschutz: <a href=\"https:\/\/www.canva.com\/policies\/privacy-policy\/\" rel=\"nofollow noopener noreferrer\" target=\"_blank\">Datenschutzerkl\u00e4rung<\/a>, <a href=\"https:\/\/www.canva.com\/trust\/\" rel=\"nofollow noopener noreferrer\" target=\"_blank\">\u00abVertrauen\u00bb (\u00abTrust\u00bb)<\/a>, <a href=\"https:\/\/www.canva.com\/security\/\" rel=\"nofollow noopener noreferrer\" target=\"_blank\">\u00abSicherheit bei Canva\u00bb (\u00abSecurity at Canva\u00bb)<\/a>, <a href=\"https:\/\/www.canva.com\/policies\/cookies-policy\/\" rel=\"nofollow noopener noreferrer\" target=\"_blank\">Cookie-Richtlinie<\/a>, <a href=\"https:\/\/www.canva.com\/policies\/\" rel=\"nofollow noopener noreferrer\" target=\"_blank\">\u00abRichtlinien\u00bb (\u00abPolicies\u00bb)<\/a>.\n\n<\/li>\n<li><strong><a href=\"https:\/\/www.microsoft.com\/de-ch\/microsoft-365\" rel=\"nofollow noopener noreferrer\" target=\"_blank\">Microsoft&nbsp;365 (auch Microsoft Office&nbsp;365):<\/a><\/strong> Textdokumente sowie Formulare, Pr\u00e4sentationen und Tabellen; Anbieterin: Microsoft; Microsoft&nbsp;365-spezifische Angaben: <a href=\"https:\/\/www.microsoft.com\/de-de\/microsoft-365\/business\/data-security-privacy-germany\" rel=\"nofollow noopener noreferrer\" target=\"_blank\">\u00abDatenschutz und Sicherheit mit Microsoft 365\u00bb<\/a>.\n\n<\/li>\n<\/ul>\n\n<h3 id=\"schriftarten\">10.6 Schriftarten<\/h3>\n\n<p>Wir nutzen Dienste von Dritten, um ausgew\u00e4hlte Schriftarten sowie Icons, Logos und Symbole in unsere Website einbetten zu k\u00f6nnen.<\/p>\n\n<p>Wir nutzen insbesondere:<\/p>\n\n<ul>\n<li><strong><a href=\"https:\/\/fonts.google.com\" rel=\"nofollow noopener noreferrer\" target=\"_blank\">Google Fonts:<\/a><\/strong> Schriftarten; Anbieterin: Google; Google Fonts-spezifische Angaben: <a href=\"https:\/\/fonts.googleblog.com\/2022\/11\/your-privacy-and-google-fonts.html\" rel=\"nofollow noopener noreferrer\" target=\"_blank\">\u00abDatenschutz und Google Fonts\u00bb (\u00abPrivacy and Google Fonts\u00bb)<\/a>, <a href=\"https:\/\/developers.google.com\/fonts\/faq\/privacy?hl=de\" rel=\"nofollow noopener noreferrer\" target=\"_blank\">\u00abDatenschutz und Datenerfassung\u00bb<\/a>.\n\n<\/li>\n<\/ul>\n\n<h3 id=\"e-commerce\">10.7 E-Commerce<\/h3>\n\n<p>Wir betreiben E-Commerce und nutzen Dienste von Dritten, um Dienstleistungen, Inhalte oder Waren erfolgreich anbieten zu k\u00f6nnen.<\/p>\n\n<h3 id=\"zahlungen\">10.8 Zahlungen<\/h3>\n\n<p>Wir nutzen spezialisierte Dienstleister, um Zahlungen unserer Kundinnen und Kunden sicher und zuverl\u00e4ssig abwickeln zu k\u00f6nnen. F\u00fcr die Abwicklung von Zahlungen gelten erg\u00e4nzend die Rechtstexte der einzelnen Dienstleister wie Allgemeine Gesch\u00e4ftsbedingungen (AGB) oder Datenschutzerkl\u00e4rungen.<\/p>\n\n<p>Wir nutzen insbesondere:<\/p>\n\n<ul>\n<li><strong><a href=\"https:\/\/www.paypal.com\/de\/\" rel=\"nofollow noopener noreferrer\" target=\"_blank\">PayPal<\/a> (einschliesslich <a href=\"https:\/\/www.braintreepayments.com\/ch\" rel=\"nofollow noopener noreferrer\" target=\"_blank\">Braintree<\/a>):<\/strong> Abwicklung von Zahlungen; Anbieterinnen: PayPal (Europe) S.\u00e0&nbsp;r.l. et Cie, S.C.A. (Luxemburg) \/ PayPal Pte. Ltd. (Singapur); Angaben zum Datenschutz: <a href=\"https:\/\/www.paypal.com\/ch\/webapps\/mpp\/ua\/privacy-full?locale.x=de_CH\" rel=\"nofollow noopener noreferrer\" target=\"_blank\">Datenschutzerkl\u00e4rung<\/a>, <a href=\"https:\/\/www.paypal.com\/ch\/webapps\/mpp\/ua\/cookie-full?locale.x=de_CH\" rel=\"nofollow noopener noreferrer\" target=\"_blank\">\u00abErkl\u00e4rung zu Cookies und Tracking-Technologien\u00bb<\/a>.\n\n<\/li>\n<li><strong><a href=\"https:\/\/www.twint.ch\/\" rel=\"nofollow noopener noreferrer\" target=\"_blank\">TWINT:<\/a><\/strong> Abwicklung von Zahlungen in der Schweiz; Anbieterin: TWINT&nbsp;AG (Schweiz); Angaben zum Datenschutz: <a href=\"https:\/\/www.twint.ch\/datenschutz\/\" rel=\"nofollow noopener noreferrer\" target=\"_blank\">Datenschutzerkl\u00e4rung<\/a>, <a href=\"https:\/\/www.twint.ch\/privatkunden\/support\/sicherheit\/\" rel=\"nofollow noopener noreferrer\" target=\"_blank\">\u00abSicherheit nach Schweizer Standards\u00bb<\/a>.\n\n<\/li>\n<\/ul>\n\n<h2 id=\"partnerprogramme\">11. Teilnahme an Partnerprogrammen<\/h2>\n\n<p>Wir nehmen an Partnerprogrammen teil. Wir k\u00f6nnen einerseits f\u00fcr Hinweise auf Angebote Dritter oder f\u00fcr die Verlinkung von Angeboten Dritter entsch\u00e4digt werden. Andererseits k\u00f6nnen wir Dritte daf\u00fcr entsch\u00e4digen, dass sie auf unsere Aktivit\u00e4ten und T\u00e4tigkeiten hinweisen oder auf unser Online-Angebot verlinken <strong>(Affiliate-Marketing)<\/strong>. In diesem Rahmen kann&nbsp;\u2013 auch personenbezogen&nbsp;\u2013 jeweils erfasst werden, welche Angebote wahrgenommen werden und welchen Weblinks gefolgt wird.<\/p>\n\n<p>Wir nehmen insbesondere teil bei:<\/p>\n\n<ul>\n<li><a href=\"https:\/\/www.awin.com\/ch\" rel=\"nofollow noopener\" target=\"_blank\"><strong>AWIN:<\/strong><\/a> Einkaufen insbesondere im deutschsprachigen Raum; Anbieterin: AWIN AG (Deutschland); Angaben zum Datenschutz: <a href=\"https:\/\/www.awin.com\/de\/datenschutzerklarung\" rel=\"nofollow noopener\" target=\"_blank\">Datenschutzerkl\u00e4rung von AWIN<\/a>.\n\n<\/li>\n<\/ul>\n\n<h2 id=\"erweiterungen\">12. Erweiterungen f\u00fcr die Website<\/h2>\n\n<p>Wir verwenden Erweiterungen f\u00fcr unsere Website, um zus\u00e4tzliche Funktionen nutzen zu k\u00f6nnen.<\/p>\n\n<p>Wir verwenden insbesondere:<\/p>\n\n<ul>\n<li><strong><a href=\"https:\/\/jetpack.com\/\" rel=\"nofollow noopener noreferrer\" target=\"_blank\">Jetpack:<\/a><\/strong> <a href=\"https:\/\/jetpack.com\/support\/features\/\" rel=\"nofollow noopener noreferrer\" target=\"_blank\">Verschiedene Funktionen<\/a> f\u00fcr die freie Blog-Software WordPress in Form von Modulen; Anbieterinnen: Automattic Inc. (USA) \/ Aut O\u2019Mattic A8C Ireland Ltd. (Irland) f\u00fcr Nutzerinnen und Nutzer unter anderem in Europa; Angaben zum Datenschutz: <a href=\"https:\/\/automattic.com\/privacy-notice\/\" rel=\"nofollow noopener noreferrer\" target=\"_blank\">Datenschutzerkl\u00e4rung f\u00fcr Websites (\u00abPrivacy Notice for Visitors to Our Users\u2019 Sites\u00bb)<\/a>, <a href=\"https:\/\/automattic.com\/privacy\/\" rel=\"nofollow noopener noreferrer\" target=\"_blank\">Datenschutzerkl\u00e4rung (von Automattic)<\/a>, <a href=\"https:\/\/jetpack.com\/support\/privacy\/\" rel=\"nofollow noopener noreferrer\" target=\"_blank\">\u00abJetpack Privacy Center\u00bb<\/a>, <a href=https:\/\/jetpack.com\/support\/cookies\/\" rel=\"nofollow noopener noreferrer\" target=\"_blank\">Cookie-Richtlinie (Jetpack)<\/a>, <a href=\"https:\/\/automattic.com\/cookies\/\" rel=\"nofollow noopener noreferrer\" target=\"_blank\">Cookie-Richtlinie (Automattic)<\/a>.\n\n<\/li>\n<\/ul>\n\n<h2 id=\"erfolgs-und-reichweitenmessung\">13. Erfolgs- und Reichweitenmessung<\/h2>\n\n<p>Wir versuchen zu ermitteln, wie unser Online-Angebot genutzt wird. In diesem Rahmen k\u00f6nnen wir beispielsweise den Erfolg und die Reichweite unserer Aktivit\u00e4ten und T\u00e4tigkeiten sowie die Wirkung von Verlinkungen Dritter auf unsere Website messen. Wir k\u00f6nnen aber beispielsweise auch ausprobieren und vergleichen, wie unterschiedliche Teile oder Versionen unseres Online-Angebotes genutzt werden (\u00abA\/B-Test\u00bb-Methode). Aufgrund der Ergebnisse der Erfolgs- und Reichweitenmessung k\u00f6nnen wir insbesondere Fehler beheben, beliebte Inhalte st\u00e4rken oder Verbesserungen an unserem Online-Angebot vornehmen.<\/p>\n\n<p>F\u00fcr die Erfolgs- und Reichweitenmessung werden in den meisten F\u00e4llen die <a href=\"https:\/\/de.wikipedia.org\/wiki\/IP-Adresse\" rel=\"nofollow noopener noreferrer\" target=\"_blank\">IP-Adressen<\/a> von einzelnen Nutzerinnen und Nutzern gespeichert. IP-Adressen werden in diesem Fall <em>grunds\u00e4tzlich<\/em> gek\u00fcrzt (\u00abIP-Masking\u00bb), um durch die entsprechende Pseudonymisierung dem Grundsatz der Datensparsamkeit zu folgen.<\/p>\n\n<p>Bei der Erfolgs- und Reichweitenmessung k\u00f6nnen Cookies zum Einsatz kommen und Nutzerprofile erstellt werden. Allenfalls erstellte Nutzerprofile umfassen beispielsweise die besuchten einzelnen Seiten oder betrachteten Inhalte auf unserer Website, Angaben zur Gr\u00f6sse von Bildschirm oder Browser-Fenster und den&nbsp;\u2013 zumindest ungef\u00e4hren&nbsp;\u2013 Standort. <em>Grunds\u00e4tzlich<\/em> werden allf\u00e4llige Nutzerprofile ausschliesslich pseudonymisiert erstellt und nicht f\u00fcr die Identifizierung einzelner Nutzerinnen und Nutzer verwendet. Einzelne Dienste von Dritten, bei denen Nutzerinnen oder Nutzer angemeldet sind, k\u00f6nnen die Nutzung unseres Online-Angebotes allenfalls dem Nutzerkonto oder Nutzerprofil beim jeweiligen Dienst zuordnen.<\/p>\n\n<h2 id=\"schlussbestimmungen\">14. Schlussbestimmungen<\/h2>\n\n<p>Wir haben diese Datenschutzerkl\u00e4rung mit dem <a href=\"https:\/\/www.datenschutzpartner.ch\/angebot-datenschutz-generator\/\" rel=\"nofollow noopener noreferrer\" target=\"_blank\">Datenschutz-Generator<\/a> von <a href=\"https:\/\/datenschutzpartner.ch\/\" rel=\"nofollow noopener noreferrer\" target=\"_blank\">Datenschutzpartner<\/a> erstellt.<\/p>\n\n<p>Wir k\u00f6nnen diese Datenschutzerkl\u00e4rung jederzeit anpassen und erg\u00e4nzen. Wir werden \u00fcber solche Anpassungen und Erg\u00e4nzungen in geeigneter Form informieren, insbesondere durch Ver\u00f6ffentlichung der jeweils aktuellen Datenschutzerkl\u00e4rung auf unserer Website.<\/p>\n","protected":false},"excerpt":{"rendered":"<p>Datenschutzerkl\u00e4rung Mit dieser Datenschutzerkl\u00e4rung informieren wir, welche Personendaten wir im Zusammenhang mit unseren Aktivit\u00e4ten und T\u00e4tigkeiten einschliesslich unserer www.mama-kann-das.com-Website bearbeiten. Wir informieren insbesondere, wof\u00fcr, wie und wo wir welche Personendaten bearbeiten. Wir informieren ausserdem \u00fcber die Rechte von Personen, deren&#8230;<\/p>\n","protected":false},"author":1,"featured_media":0,"parent":0,"menu_order":0,"comment_status":"closed","ping_status":"closed","template":"","meta":{"jetpack_post_was_ever_published":false,"footnotes":""},"class_list":["post-1515","page","type-page","status-publish","hentry"],"yoast_head":"<!-- This site is optimized with the Yoast SEO plugin v27.4 - https:\/\/yoast.com\/product\/yoast-seo-wordpress\/ -->\n<title>Impressum &amp; Datenschutz - mama-kann-das<\/title>\n<meta name=\"robots\" content=\"index, follow, max-snippet:-1, max-image-preview:large, max-video-preview:-1\" \/>\n<link rel=\"canonical\" href=\"https:\/\/mama-kann-das.com\/index.php\/impressum-datenschutz\/\" \/>\n<meta property=\"og:locale\" content=\"de_DE\" \/>\n<meta property=\"og:type\" content=\"article\" \/>\n<meta property=\"og:title\" content=\"Impressum &amp; Datenschutz - mama-kann-das\" \/>\n<meta property=\"og:description\" content=\"Datenschutzerkl\u00e4rung Mit dieser Datenschutzerkl\u00e4rung informieren wir, welche Personendaten wir im Zusammenhang mit unseren Aktivit\u00e4ten und T\u00e4tigkeiten einschliesslich unserer www.mama-kann-das.com-Website bearbeiten. Wir informieren insbesondere, wof\u00fcr, wie und wo wir welche Personendaten bearbeiten. Wir informieren ausserdem \u00fcber die Rechte von Personen, deren...\" \/>\n<meta property=\"og:url\" content=\"https:\/\/mama-kann-das.com\/index.php\/impressum-datenschutz\/\" \/>\n<meta property=\"og:site_name\" content=\"mama-kann-das\" \/>\n<meta property=\"article:modified_time\" content=\"2023-09-20T10:31:56+00:00\" \/>\n<meta name=\"twitter:card\" content=\"summary_large_image\" \/>\n<meta name=\"twitter:label1\" content=\"Gesch\u00e4tzte Lesezeit\" \/>\n\t<meta name=\"twitter:data1\" content=\"21\u00a0Minuten\" \/>\n<script type=\"application\/ld+json\" class=\"yoast-schema-graph\">{\"@context\":\"https:\\\/\\\/schema.org\",\"@graph\":[{\"@type\":\"WebPage\",\"@id\":\"https:\\\/\\\/mama-kann-das.com\\\/index.php\\\/impressum-datenschutz\\\/\",\"url\":\"https:\\\/\\\/mama-kann-das.com\\\/index.php\\\/impressum-datenschutz\\\/\",\"name\":\"Impressum & Datenschutz - mama-kann-das\",\"isPartOf\":{\"@id\":\"https:\\\/\\\/mama-kann-das.com\\\/#website\"},\"datePublished\":\"2023-09-20T10:31:55+00:00\",\"dateModified\":\"2023-09-20T10:31:56+00:00\",\"breadcrumb\":{\"@id\":\"https:\\\/\\\/mama-kann-das.com\\\/index.php\\\/impressum-datenschutz\\\/#breadcrumb\"},\"inLanguage\":\"de\",\"potentialAction\":[{\"@type\":\"ReadAction\",\"target\":[\"https:\\\/\\\/mama-kann-das.com\\\/index.php\\\/impressum-datenschutz\\\/\"]}]},{\"@type\":\"BreadcrumbList\",\"@id\":\"https:\\\/\\\/mama-kann-das.com\\\/index.php\\\/impressum-datenschutz\\\/#breadcrumb\",\"itemListElement\":[{\"@type\":\"ListItem\",\"position\":1,\"name\":\"Startseite\",\"item\":\"https:\\\/\\\/mama-kann-das.com\\\/\"},{\"@type\":\"ListItem\",\"position\":2,\"name\":\"Impressum &#038; Datenschutz\"}]},{\"@type\":\"WebSite\",\"@id\":\"https:\\\/\\\/mama-kann-das.com\\\/#website\",\"url\":\"https:\\\/\\\/mama-kann-das.com\\\/\",\"name\":\"mama-kann-das\",\"description\":\"gelassen durch den Familienalltag\",\"publisher\":{\"@id\":\"https:\\\/\\\/mama-kann-das.com\\\/#organization\"},\"potentialAction\":[{\"@type\":\"SearchAction\",\"target\":{\"@type\":\"EntryPoint\",\"urlTemplate\":\"https:\\\/\\\/mama-kann-das.com\\\/?s={search_term_string}\"},\"query-input\":{\"@type\":\"PropertyValueSpecification\",\"valueRequired\":true,\"valueName\":\"search_term_string\"}}],\"inLanguage\":\"de\"},{\"@type\":\"Organization\",\"@id\":\"https:\\\/\\\/mama-kann-das.com\\\/#organization\",\"name\":\"mama-kann-das\",\"url\":\"https:\\\/\\\/mama-kann-das.com\\\/\",\"logo\":{\"@type\":\"ImageObject\",\"inLanguage\":\"de\",\"@id\":\"https:\\\/\\\/mama-kann-das.com\\\/#\\\/schema\\\/logo\\\/image\\\/\",\"url\":\"https:\\\/\\\/i0.wp.com\\\/mama-kann-das.com\\\/wp-content\\\/uploads\\\/2026\\\/01\\\/cropped-Banner-neu-1.png?fit=1243%2C351&ssl=1\",\"contentUrl\":\"https:\\\/\\\/i0.wp.com\\\/mama-kann-das.com\\\/wp-content\\\/uploads\\\/2026\\\/01\\\/cropped-Banner-neu-1.png?fit=1243%2C351&ssl=1\",\"width\":1243,\"height\":351,\"caption\":\"mama-kann-das\"},\"image\":{\"@id\":\"https:\\\/\\\/mama-kann-das.com\\\/#\\\/schema\\\/logo\\\/image\\\/\"}}]}<\/script>\n<!-- \/ Yoast SEO plugin. -->","yoast_head_json":{"title":"Impressum & Datenschutz - mama-kann-das","robots":{"index":"index","follow":"follow","max-snippet":"max-snippet:-1","max-image-preview":"max-image-preview:large","max-video-preview":"max-video-preview:-1"},"canonical":"https:\/\/mama-kann-das.com\/index.php\/impressum-datenschutz\/","og_locale":"de_DE","og_type":"article","og_title":"Impressum & Datenschutz - mama-kann-das","og_description":"Datenschutzerkl\u00e4rung Mit dieser Datenschutzerkl\u00e4rung informieren wir, welche Personendaten wir im Zusammenhang mit unseren Aktivit\u00e4ten und T\u00e4tigkeiten einschliesslich unserer www.mama-kann-das.com-Website bearbeiten. Wir informieren insbesondere, wof\u00fcr, wie und wo wir welche Personendaten bearbeiten. Wir informieren ausserdem \u00fcber die Rechte von Personen, deren...","og_url":"https:\/\/mama-kann-das.com\/index.php\/impressum-datenschutz\/","og_site_name":"mama-kann-das","article_modified_time":"2023-09-20T10:31:56+00:00","twitter_card":"summary_large_image","twitter_misc":{"Gesch\u00e4tzte Lesezeit":"21\u00a0Minuten"},"schema":{"@context":"https:\/\/schema.org","@graph":[{"@type":"WebPage","@id":"https:\/\/mama-kann-das.com\/index.php\/impressum-datenschutz\/","url":"https:\/\/mama-kann-das.com\/index.php\/impressum-datenschutz\/","name":"Impressum & Datenschutz - mama-kann-das","isPartOf":{"@id":"https:\/\/mama-kann-das.com\/#website"},"datePublished":"2023-09-20T10:31:55+00:00","dateModified":"2023-09-20T10:31:56+00:00","breadcrumb":{"@id":"https:\/\/mama-kann-das.com\/index.php\/impressum-datenschutz\/#breadcrumb"},"inLanguage":"de","potentialAction":[{"@type":"ReadAction","target":["https:\/\/mama-kann-das.com\/index.php\/impressum-datenschutz\/"]}]},{"@type":"BreadcrumbList","@id":"https:\/\/mama-kann-das.com\/index.php\/impressum-datenschutz\/#breadcrumb","itemListElement":[{"@type":"ListItem","position":1,"name":"Startseite","item":"https:\/\/mama-kann-das.com\/"},{"@type":"ListItem","position":2,"name":"Impressum &#038; Datenschutz"}]},{"@type":"WebSite","@id":"https:\/\/mama-kann-das.com\/#website","url":"https:\/\/mama-kann-das.com\/","name":"mama-kann-das","description":"gelassen durch den Familienalltag","publisher":{"@id":"https:\/\/mama-kann-das.com\/#organization"},"potentialAction":[{"@type":"SearchAction","target":{"@type":"EntryPoint","urlTemplate":"https:\/\/mama-kann-das.com\/?s={search_term_string}"},"query-input":{"@type":"PropertyValueSpecification","valueRequired":true,"valueName":"search_term_string"}}],"inLanguage":"de"},{"@type":"Organization","@id":"https:\/\/mama-kann-das.com\/#organization","name":"mama-kann-das","url":"https:\/\/mama-kann-das.com\/","logo":{"@type":"ImageObject","inLanguage":"de","@id":"https:\/\/mama-kann-das.com\/#\/schema\/logo\/image\/","url":"https:\/\/i0.wp.com\/mama-kann-das.com\/wp-content\/uploads\/2026\/01\/cropped-Banner-neu-1.png?fit=1243%2C351&ssl=1","contentUrl":"https:\/\/i0.wp.com\/mama-kann-das.com\/wp-content\/uploads\/2026\/01\/cropped-Banner-neu-1.png?fit=1243%2C351&ssl=1","width":1243,"height":351,"caption":"mama-kann-das"},"image":{"@id":"https:\/\/mama-kann-das.com\/#\/schema\/logo\/image\/"}}]}},"jetpack_sharing_enabled":true,"_links":{"self":[{"href":"https:\/\/mama-kann-das.com\/index.php\/wp-json\/wp\/v2\/pages\/1515","targetHints":{"allow":["GET"]}}],"collection":[{"href":"https:\/\/mama-kann-das.com\/index.php\/wp-json\/wp\/v2\/pages"}],"about":[{"href":"https:\/\/mama-kann-das.com\/index.php\/wp-json\/wp\/v2\/types\/page"}],"author":[{"embeddable":true,"href":"https:\/\/mama-kann-das.com\/index.php\/wp-json\/wp\/v2\/users\/1"}],"replies":[{"embeddable":true,"href":"https:\/\/mama-kann-das.com\/index.php\/wp-json\/wp\/v2\/comments?post=1515"}],"version-history":[{"count":3,"href":"https:\/\/mama-kann-das.com\/index.php\/wp-json\/wp\/v2\/pages\/1515\/revisions"}],"predecessor-version":[{"id":1518,"href":"https:\/\/mama-kann-das.com\/index.php\/wp-json\/wp\/v2\/pages\/1515\/revisions\/1518"}],"wp:attachment":[{"href":"https:\/\/mama-kann-das.com\/index.php\/wp-json\/wp\/v2\/media?parent=1515"}],"curies":[{"name":"wp","href":"https:\/\/api.w.org\/{rel}","templated":true}]}}